{"id":3908,"date":"2016-02-25T15:30:04","date_gmt":"2016-02-25T14:30:04","guid":{"rendered":"http:\/\/bravehearts-institute.org\/?page_id=3908"},"modified":"2016-02-25T16:10:42","modified_gmt":"2016-02-25T15:10:42","slug":"von-fremden-zu-freunden","status":"publish","type":"page","link":"https:\/\/bravehearts-institute.org\/en\/social-action\/filmverleih\/von-fremden-zu-freunden\/","title":{"rendered":"Von Fremden zu Freunden"},"content":{"rendered":"<div id=\"stcpDiv\">\n<p>Im Rahmen des Kinostarts von &#8220;<a href=\"http:\/\/bravehearts-institute.org\/social-action\/filmverleih\/der-imker\/\" target=\"_blank\">Der Imker<\/a>&#8221; haben wir die <a href=\"http:\/\/web.archive.org\/web\/20141215180402\/http:\/\/www.uno-fluechtlingshilfe.de\/projekte\/projektpartner.html\"><strong>UNO-Fl\u00fcchtlingshilfe<\/strong><\/a> und die <a href=\"http:\/\/web.archive.org\/web\/20141215180402\/https:\/\/www.gls.de\/privatkunden\/ueber-die-gls-bank\/nachhaltigkeit-werte-und-auszeichnungen\/auszeichnungen\/\"><strong>GLS Bank<\/strong><\/a> als Partner f\u00fcr unsere Kampagne \u201e<strong>Von Fremden zu Freunden<\/strong>\u201c gewinnen k\u00f6nnen. Der bekannte TV-Journalist <a href=\"http:\/\/web.archive.org\/web\/20141215180402\/http:\/\/www.jean-puetz.net\/\"><strong>Jean P\u00fctz<\/strong><\/a> hat die Patenschaft f\u00fcr unsere Kampagne \u00fcbernommen!<\/p>\n<h3><strong><u>Zielsetzung der Kampagne<\/u><\/strong><strong>:<\/strong><\/h3>\n<ol>\n<li>Menschen dazu bewegen, Fl\u00fcchtlinge nicht als Fremde zu betrachten sondern als Mitmenschen:\n<ul>\n<li>\n<div>Mitgef\u00fchl zu entwickeln f\u00fcr ihr Schicksal und ihre Schwierigkeiten, bei uns Fu\u00df zu fassen<\/div>\n<\/li>\n<li>\n<div>Sich dessen bewusst zu werden, was Fl\u00fcchtlinge an Werten, F\u00e4higkeiten und Wissen zu uns mitbringen<\/div>\n<\/li>\n<\/ul>\n<\/li>\n<li>In Menschen den Wunsch wecken, pers\u00f6nliche Beziehungen mit Fl\u00fcchtlingen aufzunehmen, um von ihnen und ihrer Kultur zu lernen und ihnen bei der Integration in Deutschland zu helfen, durch\n<ul>\n<li>\u00dcbernahme von Patenschaften<\/li>\n<li>Engagement in lokalen Fl\u00fcchtlingsprojekten<\/li>\n<\/ul>\n<\/li>\n<\/ol>\n<h3><strong><u>Partner:<\/u><\/strong><\/h3>\n<p><strong>BraveHearts Filmverleih <\/strong><\/p>\n<ul>\n<li>\n<div>in Zusammenarbeit mit der <strong>UNO Fl\u00fcchtlinghilfe <\/strong><\/div>\n<\/li>\n<li>\n<div>und mit Unterst\u00fctzung der <strong>GLS Bank <\/strong>und<\/div>\n<\/li>\n<li>\n<div>zahlreichen <strong>Organisationen, Initiativen und Wohlfahrtsverb\u00e4nden<\/strong><\/div>\n<\/li>\n<\/ul>\n<h3><strong><u>DIE Chance f\u00fcr Unterst\u00fctzer von Fl\u00fcchtlingshilfe, Migration, Menschenrechte <\/u><\/strong><\/h3>\n<ol>\n<li>Der Film selber schafft Mitgef\u00fchl und Respekt f\u00fcr Fl\u00fcchtlinge und weckt den Wunsch, sich pers\u00f6nlich daf\u00fcr zu engagieren<\/li>\n<li>Die Kampagne schafft Aufmerksamkeit in der Presse<\/li>\n<li>Das BraveHearts Kampagnen-Marketingpaket erm\u00f6glicht lokalen Organisationen, bei minimalem Aufwand die Kampagne zu nutzen, um\n<ul>\n<li>Auf die Themen \u201eFl\u00fcchtlinge\u201c und \u201eMenschenrechte\u201c aufmerksam zu machen und<\/li>\n<li>Unterst\u00fctzung f\u00fcr die eigenen Aktivit\u00e4ten zu bekommen<\/li>\n<\/ul>\n<\/li>\n<\/ol>\n<h3><u>Erfolge<\/u>:<\/h3>\n<ol>\n<li>Sondervorstellungen in rund 40 St\u00e4dten deutschlandweit, mit Vertretern von \u00fcber 150 lokal und regional t\u00e4tigen Organisationen sowie<\/li>\n<li>bislang \u00fcber 13.000 erreichte Kinozuschauer.<\/li>\n<li><strong>Wir bedanken uns bei<\/strong><\/li>\n<\/ol>\n<p><strong>\u200b<\/strong><\/p>\n<table border=\"0\" width=\"586\" cellspacing=\"0\" cellpadding=\"0\">\n<colgroup>\n<col \/><\/colgroup>\n<colgroup>\n<col \/><\/colgroup>\n<tbody>\n<tr>\n<td height=\"20\"><strong>unseren Hauptsponsoren:<\/strong><\/td>\n<td><a href=\"http:\/\/web.archive.org\/web\/20141215180402\/https:\/\/www.gls.de\/privatkunden\/\">GLS Bank<\/a><\/td>\n<\/tr>\n<tr>\n<td height=\"20\"><\/td>\n<td><a href=\"http:\/\/web.archive.org\/web\/20141215180402\/https:\/\/www.uno-fluechtlingshilfe.de\/schutz\/wc\/J102?gclid=Cj0KEQiA-PGiBRDRz4jH9o39yZwBEiQAWCBZNUDo7Vu5sTw545U3PGeEHpYMCFsGnF4o9mu5oMkYh_EaAgbT8P8HAQ\">UNO Fl\u00fcchtlingshilfe<\/a><\/td>\n<\/tr>\n<tr>\n<td height=\"20\"><\/td>\n<td><\/td>\n<\/tr>\n<tr>\n<td colspan=\"2\" height=\"20\"><strong>unseren lokalen Partnern:<\/strong><\/td>\n<\/tr>\n<tr>\n<td height=\"20\">Aachen<\/td>\n<td><a href=\"http:\/\/web.archive.org\/web\/20141215180402\/http:\/\/wiki.amnesty-aachen.de\/\">Amnesty International Aachen<\/a><\/td>\n<\/tr>\n<tr>\n<td height=\"20\"><\/td>\n<td><a href=\"http:\/\/web.archive.org\/web\/20141215180402\/http:\/\/www.caritas-aachen.de\/\">Caritas<\/a><\/td>\n<\/tr>\n<tr>\n<td height=\"20\"><\/td>\n<td><\/td>\n<\/tr>\n<tr>\n<td height=\"20\">Alpirsbach<\/td>\n<td><a href=\"http:\/\/web.archive.org\/web\/20141215180402\/http:\/\/www.stadt-alpirsbach.de\/de\/Die-Stadt\/Vereine?view=publish&amp;item=club&amp;id=69\">BUND Ortsgruppe Oberes Kinzigtal<\/a><\/td>\n<\/tr>\n<tr>\n<td height=\"20\"><\/td>\n<td><\/td>\n<\/tr>\n<tr>\n<td height=\"20\">Berlin<\/td>\n<td><a href=\"http:\/\/web.archive.org\/web\/20141215180402\/http:\/\/www.ash-berlin.eu\/\">Alice Salomon Hochschule<\/a><\/td>\n<\/tr>\n<tr>\n<td height=\"20\"><\/td>\n<td><a href=\"http:\/\/web.archive.org\/web\/20141215180402\/http:\/\/www.allmendeberlin.de\/index2d.htm\">Allmende e.V.<\/a><\/td>\n<\/tr>\n<tr>\n<td height=\"20\"><\/td>\n<td><a href=\"http:\/\/web.archive.org\/web\/20141215180402\/http:\/\/www.ivbzuuev.de\/\">Imkerverein Zehlendorf und Umgebung e.V.<\/a><\/td>\n<\/tr>\n<tr>\n<td height=\"20\"><\/td>\n<td><a href=\"http:\/\/web.archive.org\/web\/20141215180402\/http:\/\/www.berlin.de\/lb\/intmig\/\">Integrationsbeauftragte des Berliner Senats<\/a><\/td>\n<\/tr>\n<tr>\n<td height=\"20\"><\/td>\n<td><\/td>\n<\/tr>\n<tr>\n<td height=\"20\">Bielefeld<\/td>\n<td><a href=\"http:\/\/web.archive.org\/web\/20141215180402\/http:\/\/www.ak-asyl.info\/\">AK Asyl e.V.<\/a><\/td>\n<\/tr>\n<tr>\n<td height=\"20\"><\/td>\n<td><\/td>\n<\/tr>\n<tr>\n<td height=\"20\">Bochum<\/td>\n<td><a href=\"http:\/\/web.archive.org\/web\/20141215180402\/http:\/\/bofo-ev.de\/\">Bochumer Forum f\u00fcr Antirassismus und Kultur e.V.<\/a><\/td>\n<\/tr>\n<tr>\n<td height=\"20\"><\/td>\n<td>Bundesverband der Migrantinnen<\/td>\n<\/tr>\n<tr>\n<td height=\"20\"><\/td>\n<td><a href=\"http:\/\/web.archive.org\/web\/20141215180402\/http:\/\/www.ifak-bochum.de\/\">IFAK e.V.<\/a><\/td>\n<\/tr>\n<tr>\n<td height=\"20\"><\/td>\n<td><a href=\"http:\/\/web.archive.org\/web\/20141215180402\/http:\/\/www.jugendring-bochum.de\/\">Kinder- und Jugendring e.V.<\/a><\/td>\n<\/tr>\n<tr>\n<td height=\"20\"><\/td>\n<td><a href=\"http:\/\/web.archive.org\/web\/20141215180402\/http:\/\/www.mfh-bochum.de\/\">Medizinische Fl\u00fcchtlingshilfe Bochum<\/a><\/td>\n<\/tr>\n<tr>\n<td height=\"20\"><\/td>\n<td><\/td>\n<\/tr>\n<tr>\n<td height=\"20\">Bonn<\/td>\n<td><a href=\"http:\/\/web.archive.org\/web\/20141215180402\/http:\/\/www.deutscherimkerbund.de\/index.php?start\">Deutscher Imkerbund e.V.<\/a><\/td>\n<\/tr>\n<tr>\n<td height=\"20\"><\/td>\n<td><a href=\"http:\/\/web.archive.org\/web\/20141215180402\/http:\/\/www.migration-bonn.de\/\">Evangelische Migrations- und Fl\u00fcchtlingsarbeit Bonn\/Integrationsagentur<\/a><\/td>\n<\/tr>\n<tr>\n<td height=\"20\"><\/td>\n<td><a href=\"http:\/\/web.archive.org\/web\/20141215180402\/http:\/\/www.koelner-fluechtlingsrat.de\/old\/front.php?artID=115\">K\u00f6lner Fl\u00fcchtlingsrat \/ Fl\u00fcchtlingsberatungsstelle Bonn<\/a><\/td>\n<\/tr>\n<tr>\n<td height=\"20\"><\/td>\n<td><\/td>\n<\/tr>\n<tr>\n<td height=\"20\">Bremen<\/td>\n<td><a href=\"http:\/\/web.archive.org\/web\/20141215180402\/http:\/\/www.bremer-rat-fuer-integration.de\/\">Bremer Rat f\u00fcr Integration e. V.<\/a><\/td>\n<\/tr>\n<tr>\n<td height=\"20\"><\/td>\n<td><a href=\"http:\/\/web.archive.org\/web\/20141215180402\/http:\/\/www.refugio-bremen.de\/\">Refugio<\/a><\/td>\n<\/tr>\n<tr>\n<td height=\"20\"><\/td>\n<td><\/td>\n<\/tr>\n<tr>\n<td height=\"20\">Dortmund<\/td>\n<td><a href=\"http:\/\/web.archive.org\/web\/20141215180402\/http:\/\/www.diakoniedortmund.de\/\">Diakonie Dortmund<\/a><\/td>\n<\/tr>\n<tr>\n<td height=\"20\"><\/td>\n<td><a href=\"http:\/\/web.archive.org\/web\/20141215180402\/http:\/\/www.borsig11.de\/wordpress\/info\/\">Machbarschaft Borsig11 e.V.<\/a><\/td>\n<\/tr>\n<tr>\n<td height=\"20\"><\/td>\n<td><\/td>\n<\/tr>\n<tr>\n<td height=\"20\">Dresden<\/td>\n<td><a href=\"http:\/\/web.archive.org\/web\/20141215180402\/http:\/\/www.ag-asylsuchende.de\/\">AG Asylsuchende S\u00e4chsische Schweiz-Osterzgebirge<\/a><\/td>\n<\/tr>\n<tr>\n<td height=\"20\"><\/td>\n<td><a href=\"http:\/\/web.archive.org\/web\/20141215180402\/http:\/\/www.akubiz.de\/\">AKuBiZ e.V.\u00a0\u00a0<\/a><\/td>\n<\/tr>\n<tr>\n<td height=\"20\"><\/td>\n<td><a href=\"http:\/\/web.archive.org\/web\/20141215180402\/http:\/\/www.auslaenderrat-dresden.de\/\">Ausl\u00e4nderrat Dresden e.V.\u00a0<\/a><\/td>\n<\/tr>\n<tr>\n<td height=\"20\"><\/td>\n<td><a href=\"http:\/\/web.archive.org\/web\/20141215180402\/http:\/\/damf.blogsport.de\/\">DAMF Deutschkurse Asyl Migration<\/a><\/td>\n<\/tr>\n<tr>\n<td height=\"20\"><\/td>\n<td><a href=\"http:\/\/web.archive.org\/web\/20141215180402\/http:\/\/www.gaerten-ohne-grenzen.org\/\">Internationale G\u00e4rten Dresden<\/a><\/td>\n<\/tr>\n<tr>\n<td height=\"40\"><\/td>\n<td><a href=\"http:\/\/web.archive.org\/web\/20141215180402\/http:\/\/kamadresden.blogsport.de\/\">KAMA (Kurse Von Asylsuchenden, Migrant_innen und Asylberechtigten)<\/a><\/td>\n<\/tr>\n<tr>\n<td height=\"20\"><\/td>\n<td><a href=\"http:\/\/web.archive.org\/web\/20141215180402\/http:\/\/www.kulturbuero-sachsen.de\/\">Kulturb\u00fcro Sachsen e.V.\u00a0<\/a><\/td>\n<\/tr>\n<tr>\n<td height=\"20\"><\/td>\n<td><a href=\"http:\/\/web.archive.org\/web\/20141215180402\/http:\/\/www.semaz.monoceres.uberspace.de\/medinetz\/\">Medinetz Dresden<\/a><\/td>\n<\/tr>\n<tr>\n<td height=\"20\"><\/td>\n<td><a href=\"http:\/\/web.archive.org\/web\/20141215180402\/http:\/\/namf.blogsport.de\/\">Netzwerk Asyl, Migration, Flucht Dresden (NAMF)<\/a><\/td>\n<\/tr>\n<tr>\n<td height=\"20\"><\/td>\n<td><a href=\"http:\/\/web.archive.org\/web\/20141215180402\/http:\/\/www.saechsischer-fluechtlingsrat.de\/\">S\u00e4chsischer Fl\u00fcchtlingsrat e.V.<\/a><\/td>\n<\/tr>\n<tr>\n<td height=\"20\"><\/td>\n<td><\/td>\n<\/tr>\n<tr>\n<td height=\"20\">D\u00fcsseldorf<\/td>\n<td><a href=\"http:\/\/web.archive.org\/web\/20141215180402\/http:\/\/www.imaz-online.de\/\">IMAZ e.V.<\/a><\/td>\n<\/tr>\n<tr>\n<td height=\"20\"><\/td>\n<td><a href=\"http:\/\/web.archive.org\/web\/20141215180402\/http:\/\/www.diakonie-duesseldorf.de\/jugendmigrationsdienst.112.0.html\">Jugendmigrationsdienste Diakonie D\u00fcsseldorf<\/a><\/td>\n<\/tr>\n<tr>\n<td height=\"20\"><\/td>\n<td><a href=\"http:\/\/web.archive.org\/web\/20141215180402\/http:\/\/www.psz-duesseldorf.de\/\">PSZ D\u00fcsseldorf &#8211; Psychosoziales Zentrum f\u00fcr Fl\u00fcchtlinge<\/a><\/td>\n<\/tr>\n<tr>\n<td height=\"20\"><\/td>\n<td><\/td>\n<\/tr>\n<tr>\n<td height=\"20\">Erlenbach<\/td>\n<td><a href=\"http:\/\/web.archive.org\/web\/20141215180402\/http:\/\/www.jugendzentrum-erlenbach.de\/agenda\/agenda.html\">Agenda 21<\/a><\/td>\n<\/tr>\n<tr>\n<td height=\"20\"><\/td>\n<td>AWO Begegnungsst\u00e4tte<\/td>\n<\/tr>\n<tr>\n<td height=\"20\"><\/td>\n<td><a href=\"http:\/\/web.archive.org\/web\/20141215180402\/http:\/\/fff-erlenbach.de\/\">Frauen f\u00fcr Frauen e.V.<\/a><\/td>\n<\/tr>\n<tr>\n<td height=\"20\"><\/td>\n<td><\/td>\n<\/tr>\n<tr>\n<td height=\"20\">Essen<\/td>\n<td><a href=\"http:\/\/web.archive.org\/web\/20141215180402\/http:\/\/www.ehrenamtessen.de\/\">Ehrenamt Agentur Essen e.V.<\/a><\/td>\n<\/tr>\n<tr>\n<td height=\"20\"><\/td>\n<td><a href=\"http:\/\/web.archive.org\/web\/20141215180402\/http:\/\/www.proasylessen.de\/\">Pro Asyl \/ Fl\u00fcchtlingsrat Essen<\/a><\/td>\n<\/tr>\n<tr>\n<td height=\"20\"><\/td>\n<td><\/td>\n<\/tr>\n<tr>\n<td height=\"20\">Frankfurt<\/td>\n<td><a href=\"http:\/\/web.archive.org\/web\/20141215180402\/http:\/\/www.bund-frankfurt.de\/\">BUND Frankfurt<\/a><\/td>\n<\/tr>\n<tr>\n<td height=\"20\"><\/td>\n<td><a href=\"http:\/\/web.archive.org\/web\/20141215180402\/http:\/\/frankfurter-kinderbuero.de\/\">Frankfurter Kinderb\u00fcro<\/a><\/td>\n<\/tr>\n<tr>\n<td height=\"40\"><\/td>\n<td><a href=\"http:\/\/web.archive.org\/web\/20141215180402\/http:\/\/www.frankfurt.de\/sixcms\/detail.php?id=3765&amp;_ffmpar%5b_id_inhalt%5d=16612\">infrau e.V. Interkulturelles Beratungs- und Bildungszentrum f\u00fcr Frauen, M\u00e4dchen, Seniorinnen<\/a><\/td>\n<\/tr>\n<tr>\n<td height=\"20\"><\/td>\n<td><\/td>\n<\/tr>\n<tr>\n<td height=\"20\">Freiburg<\/td>\n<td><a href=\"http:\/\/web.archive.org\/web\/20141215180402\/http:\/\/www.amiko-freiburg.de\/\">AMIKO Institut f\u00fcr Migration, Kultur und Gesundheit<\/a><\/td>\n<\/tr>\n<tr>\n<td height=\"20\"><\/td>\n<td><a href=\"http:\/\/web.archive.org\/web\/20141215180402\/http:\/\/www.amnesty-suedbaden.de\/\">Amnesty International Freiburg<\/a><\/td>\n<\/tr>\n<tr>\n<td height=\"20\"><\/td>\n<td>Ausl\u00e4nderbeirat Freiburg<\/td>\n<\/tr>\n<tr>\n<td height=\"20\"><\/td>\n<td><a href=\"http:\/\/web.archive.org\/web\/20141215180402\/http:\/\/vorort.bund.net\/suedlicher-oberrhein\/index.html\">BUND Regionalverband S\u00fcdlicher Oberrhein<\/a><\/td>\n<\/tr>\n<tr>\n<td height=\"20\"><\/td>\n<td><a href=\"http:\/\/web.archive.org\/web\/20141215180402\/http:\/\/www.freiburg.de\/pb\/,Lde\/389266.html\">B\u00fcro f\u00fcr Migration und Integration<\/a><\/td>\n<\/tr>\n<tr>\n<td height=\"20\"><\/td>\n<td><a href=\"http:\/\/web.archive.org\/web\/20141215180402\/http:\/\/www.caritas-freiburg.de\/\">Caritas Freiburg<\/a><\/td>\n<\/tr>\n<tr>\n<td height=\"20\"><\/td>\n<td><a href=\"http:\/\/web.archive.org\/web\/20141215180402\/http:\/\/www.drk-freiburg.de\/\">DRK<\/a><\/td>\n<\/tr>\n<tr>\n<td height=\"20\"><\/td>\n<td><a href=\"http:\/\/web.archive.org\/web\/20141215180402\/http:\/\/www.drk-freiburg.de\/angebote\/migration_-_suchdienst\/bleiberecht.html\">DRK Freiburg Projektverbund Bleiberecht<\/a><\/td>\n<\/tr>\n<tr>\n<td height=\"20\"><\/td>\n<td><a href=\"http:\/\/web.archive.org\/web\/20141215180402\/https:\/\/www.freinem.uni-freiburg.de\/\">FREINEM<\/a><\/td>\n<\/tr>\n<tr>\n<td height=\"20\"><\/td>\n<td><a href=\"http:\/\/web.archive.org\/web\/20141215180402\/http:\/\/www.boell-bw.de\/startseite\/\">Heinrich B\u00f6ll-Stiftung BW<\/a><\/td>\n<\/tr>\n<tr>\n<td height=\"20\"><\/td>\n<td><a href=\"http:\/\/web.archive.org\/web\/20141215180402\/http:\/\/treffpunkt-freiburg.de\/hevi\">Hevi &#8211; kurdisches Zentrum sozialer Arbeit<\/a><\/td>\n<\/tr>\n<tr>\n<td height=\"20\"><\/td>\n<td><a href=\"http:\/\/web.archive.org\/web\/20141215180402\/http:\/\/www.migrantenbeirat-freiburg.de\/\">Migrantinnen- und Migrantenbeirat\u00a0<\/a><\/td>\n<\/tr>\n<tr>\n<td height=\"20\"><\/td>\n<td><a href=\"http:\/\/web.archive.org\/web\/20141215180402\/http:\/\/www.nabu-freiburg.de\/\">NABU Gruppe Freiburg e.V.<\/a><\/td>\n<\/tr>\n<tr>\n<td height=\"20\"><\/td>\n<td><a href=\"http:\/\/web.archive.org\/web\/20141215180402\/http:\/\/vorort.bund.net\/suedlicher-oberrhein\/team.html\">\u00d6kostation des BUND Regionalverband s\u00fcdlicher Oberrhein<\/a><\/td>\n<\/tr>\n<tr>\n<td height=\"20\"><\/td>\n<td><a href=\"http:\/\/web.archive.org\/web\/20141215180402\/http:\/\/www.bleiberecht-freiburg.de\/\">Projektverbund Bleiberecht<\/a><\/td>\n<\/tr>\n<tr>\n<td height=\"20\"><\/td>\n<td>Stadt Freiburg &#8211; Sachgebietsleitung Bereich Fl\u00fcchtlinge<\/td>\n<\/tr>\n<tr>\n<td height=\"20\"><\/td>\n<td><\/td>\n<\/tr>\n<tr>\n<td height=\"20\">F\u00fcrth<\/td>\n<td><a href=\"http:\/\/web.archive.org\/web\/20141215180402\/http:\/\/www.eo-bamberg.de\/eob\/dcms\/sites\/caritas\/kreis_stadt\/fuerth\/so_helfen_wir\/beratung_fluechtlinge.html\">Caritas F\u00fcrth Beratung f\u00fcr Fl\u00fcchtlinge<\/a><\/td>\n<\/tr>\n<tr>\n<td height=\"20\"><\/td>\n<td><\/td>\n<\/tr>\n<tr>\n<td height=\"20\">Halle<\/td>\n<td><a href=\"http:\/\/web.archive.org\/web\/20141215180402\/http:\/\/www.inlingua-halle.de\/inlingua-halle.html\">Inlingua<\/a><\/td>\n<\/tr>\n<tr>\n<td height=\"20\"><\/td>\n<td><a href=\"http:\/\/web.archive.org\/web\/20141215180402\/http:\/\/www.medinetz-halle.de\/\">Medinetz Halle<\/a><\/td>\n<\/tr>\n<tr>\n<td height=\"20\"><\/td>\n<td>Multi-Kultur-ART-Halle Initiativgruppe Hallescher Migranten<\/td>\n<\/tr>\n<tr>\n<td height=\"20\"><\/td>\n<td><\/td>\n<\/tr>\n<tr>\n<td height=\"20\">Hamburg<\/td>\n<td><a href=\"http:\/\/web.archive.org\/web\/20141215180402\/http:\/\/www.amnesty-hamburg.de\/\">Amnesty International Bezirk Hamburg<\/a><\/td>\n<\/tr>\n<tr>\n<td height=\"20\"><\/td>\n<td><a href=\"http:\/\/web.archive.org\/web\/20141215180402\/http:\/\/www.hamburg.de\/basfi\/\">Beh\u00f6rde f\u00fcr Arbeit, Soziales, Familie und Integration<\/a><\/td>\n<\/tr>\n<tr>\n<td height=\"40\"><\/td>\n<td><a href=\"http:\/\/web.archive.org\/web\/20141215180402\/http:\/\/li.hamburg.de\/netzwerk\/\">Beratungsstelle Interkulturelle Erziehung am LI Hamburg und Hamburger Netzwerk &#8220;Lehrkr\u00e4fte mit Migrationsgeschichte&#8221;<\/a><\/td>\n<\/tr>\n<tr>\n<td height=\"20\"><\/td>\n<td><a href=\"http:\/\/web.archive.org\/web\/20141215180402\/http:\/\/www.diakonieverein-hh.de\/\">Diakonieverein Vormundschaft und Betreuungen e.V.<\/a><\/td>\n<\/tr>\n<tr>\n<td height=\"20\"><\/td>\n<td><a href=\"http:\/\/web.archive.org\/web\/20141215180402\/http:\/\/www.fluechtlingsrat-hamburg.de\/\">Fl\u00fcchtlingsrat Hamburg<\/a><\/td>\n<\/tr>\n<tr>\n<td height=\"20\"><\/td>\n<td><a href=\"http:\/\/web.archive.org\/web\/20141215180402\/http:\/\/www.fz-hh.de\/\">Fl\u00fcchtlingszentrum Hamburg<\/a><\/td>\n<\/tr>\n<tr>\n<td height=\"20\"><\/td>\n<td><a href=\"http:\/\/web.archive.org\/web\/20141215180402\/http:\/\/www.blankenese.de\/runder-tisch.html\">Runder Tisch Blankenese<\/a><\/td>\n<\/tr>\n<tr>\n<td height=\"20\"><\/td>\n<td><\/td>\n<\/tr>\n<tr>\n<td height=\"20\">Hannover<\/td>\n<td><a href=\"http:\/\/web.archive.org\/web\/20141215180402\/http:\/\/www.ai-hannover.de\/\">Amnesty International Bezirk Hannover<\/a><\/td>\n<\/tr>\n<tr>\n<td height=\"20\"><\/td>\n<td><a href=\"http:\/\/web.archive.org\/web\/20141215180402\/http:\/\/region-hannover.bund.net\/\">BUND Hannover<\/a><\/td>\n<\/tr>\n<tr>\n<td height=\"20\"><\/td>\n<td><a href=\"http:\/\/web.archive.org\/web\/20141215180402\/http:\/\/www.nds-fluerat.org\/\">Fl\u00fcchtlingsrat Niedersachsen<\/a><\/td>\n<\/tr>\n<tr>\n<td height=\"20\"><\/td>\n<td><a href=\"http:\/\/web.archive.org\/web\/20141215180402\/http:\/\/www.kargah.de\/index.php?lang=de\">Kargah e.V.<\/a><\/td>\n<\/tr>\n<tr>\n<td height=\"20\"><\/td>\n<td><a href=\"http:\/\/web.archive.org\/web\/20141215180402\/http:\/\/niedersachsen.nabu.de\/\">NABU Niedersachsen<\/a><\/td>\n<\/tr>\n<tr>\n<td height=\"20\"><\/td>\n<td><a href=\"http:\/\/web.archive.org\/web\/20141215180402\/http:\/\/www.save-me-hannover.de\/\">Save Me Hannover<\/a><\/td>\n<\/tr>\n<tr>\n<td height=\"20\"><\/td>\n<td><\/td>\n<\/tr>\n<tr>\n<td height=\"20\">Karlsruhe<\/td>\n<td><a href=\"http:\/\/web.archive.org\/web\/20141215180402\/http:\/\/www.amnesty-karlsruhe.de\/de\/index.html\">Amnesty International Bezirk Karlsruhe\u00a0<\/a><\/td>\n<\/tr>\n<tr>\n<td height=\"20\"><\/td>\n<td><a href=\"http:\/\/web.archive.org\/web\/20141215180402\/http:\/\/www.drk-karlsruhe.de\/\">DRK-Kreisverband Karlsruhe e.V.<\/a><\/td>\n<\/tr>\n<tr>\n<td height=\"20\"><\/td>\n<td><a href=\"http:\/\/web.archive.org\/web\/20141215180402\/http:\/\/fluechtlingsrat-bw.de\/\">Fl\u00fcchtlingsrat Baden-W\u00fcrttemberg (Pro Asyl)<\/a><\/td>\n<\/tr>\n<tr>\n<td height=\"20\"><\/td>\n<td><a href=\"http:\/\/web.archive.org\/web\/20141215180402\/http:\/\/www.freunde-fuer-fremde.de\/\">Freunde f\u00fcr Fremde Karlsruhe e.V.<\/a><\/td>\n<\/tr>\n<tr>\n<td height=\"20\"><\/td>\n<td><a href=\"http:\/\/web.archive.org\/web\/20141215180402\/http:\/\/freundeskreis-asyl.org\/\">Freundeskreis Asyl Karlsruhe e.V.<\/a><\/td>\n<\/tr>\n<tr>\n<td height=\"20\"><\/td>\n<td><a href=\"http:\/\/web.archive.org\/web\/20141215180402\/http:\/\/www.boell-bw.de\/startseite\/\">Heinrich B\u00f6ll-Stiftung BW<\/a><\/td>\n<\/tr>\n<tr>\n<td height=\"20\"><\/td>\n<td><a href=\"http:\/\/web.archive.org\/web\/20141215180402\/http:\/\/www.karlsruhe.de\/b1\/kultur\/kulturfoerderung\/kulturamt\/kulturamt2.de\">Kulturamt Karlsruhe<\/a><\/td>\n<\/tr>\n<tr>\n<td height=\"20\"><\/td>\n<td><a href=\"http:\/\/web.archive.org\/web\/20141215180402\/http:\/\/www.menschenrechtszentrum.de\/\">Menschenrechtszentrum<\/a><\/td>\n<\/tr>\n<tr>\n<td height=\"20\"><\/td>\n<td><a href=\"http:\/\/web.archive.org\/web\/20141215180402\/http:\/\/www.menno-hilfswerk.de\/\">Migrationsberatungsstelle des MHC (Mennonitisches Hilfswerk)<\/a><\/td>\n<\/tr>\n<tr>\n<td height=\"20\"><\/td>\n<td><\/td>\n<\/tr>\n<tr>\n<td height=\"20\">Kenzingen<\/td>\n<td><a href=\"http:\/\/web.archive.org\/web\/20141215180402\/http:\/\/www.caritas-emmendingen.de\/kinder-jugend\/jugendmigrationsdienst\">Jugendmigrationsdienst Caritas Emmendingen<\/a><\/td>\n<\/tr>\n<tr>\n<td height=\"20\"><\/td>\n<td><a href=\"http:\/\/web.archive.org\/web\/20141215180402\/http:\/\/www.migrantenbeirat-freiburg.de\/\">Migrantenbeirat der Stadt Freiburg<\/a><\/td>\n<\/tr>\n<tr>\n<td height=\"20\"><\/td>\n<td><\/td>\n<\/tr>\n<tr>\n<td height=\"20\">Kerpen<\/td>\n<td><a href=\"http:\/\/web.archive.org\/web\/20141215180402\/http:\/\/www.brigitteglaser.de\/\">Brigitte Glaser<\/a><\/td>\n<\/tr>\n<tr>\n<td height=\"20\"><\/td>\n<td><a href=\"http:\/\/web.archive.org\/web\/20141215180402\/http:\/\/www.kerpen-gelingt-gemeinsam.de\/integrationsbro\">Integrationsbeauftragte der Stadt Kerpen<\/a><\/td>\n<\/tr>\n<tr>\n<td height=\"20\"><\/td>\n<td><\/td>\n<\/tr>\n<tr>\n<td height=\"20\">Kiel<\/td>\n<td><a href=\"http:\/\/web.archive.org\/web\/20141215180402\/http:\/\/www.schleswig-holstein.de\/Portal\/DE\/Landtag\/Fluechtlingsbeauftragter\/Fluehtlingsbeauftragter_node.html\">Fl\u00fcchtlingsbeauftragter Landesregierung SH<\/a><\/td>\n<\/tr>\n<tr>\n<td height=\"20\"><\/td>\n<td>Integrationsbeauftragter<\/td>\n<\/tr>\n<tr>\n<td height=\"20\"><\/td>\n<td><a href=\"http:\/\/web.archive.org\/web\/20141215180402\/http:\/\/www.landinsicht-sh.de\/\">Land in Sicht! &#8211; Arbeit f\u00fcr Fl\u00fcchtlinge in Schleswig-Holstein<\/a><\/td>\n<\/tr>\n<tr>\n<td height=\"20\"><\/td>\n<td><a href=\"http:\/\/web.archive.org\/web\/20141215180402\/http:\/\/www.lifeline-frsh.de\/content\/56\/54\/aktuelles\">Lifeline e. V.<\/a><\/td>\n<\/tr>\n<tr>\n<td height=\"20\"><\/td>\n<td><a href=\"http:\/\/web.archive.org\/web\/20141215180402\/http:\/\/www.zbbs-sh.de\/\">ZBBS<\/a><\/td>\n<\/tr>\n<tr>\n<td height=\"20\"><\/td>\n<td><\/td>\n<\/tr>\n<tr>\n<td height=\"20\">K\u00f6ln<\/td>\n<td><a href=\"http:\/\/web.archive.org\/web\/20141215180402\/http:\/\/www.allerweltshaus.de\/\">Allerweltshaus<\/a><\/td>\n<\/tr>\n<tr>\n<td height=\"20\"><\/td>\n<td><a href=\"http:\/\/web.archive.org\/web\/20141215180402\/http:\/\/www.bagiv.de\/\">Bagiv<\/a><\/td>\n<\/tr>\n<tr>\n<td height=\"20\"><\/td>\n<td><a href=\"http:\/\/web.archive.org\/web\/20141215180402\/http:\/\/ratsinformation.stadt-koeln.de\/kp0050.asp?__kpenr=381&amp;grnr=0\">Bezirksb\u00fcrgermeister Ehrenfeld<\/a><\/td>\n<\/tr>\n<tr>\n<td height=\"20\"><\/td>\n<td><a href=\"http:\/\/web.archive.org\/web\/20141215180402\/http:\/\/www.dialogkreis.de\/\">Dialog-Kreis<\/a><\/td>\n<\/tr>\n<tr>\n<td height=\"20\"><\/td>\n<td><a href=\"http:\/\/web.archive.org\/web\/20141215180402\/http:\/\/www.gruenekoeln.de\/bezirke\/bezirk4\/aktuelles.html\">Die Gr\u00fcnen Ehrenfeld<\/a><\/td>\n<\/tr>\n<tr>\n<td height=\"20\"><\/td>\n<td><a href=\"http:\/\/web.archive.org\/web\/20141215180402\/http:\/\/www.kmii-koeln.de\/\">Kein Mensch ist Illegal<\/a><\/td>\n<\/tr>\n<tr>\n<td height=\"20\"><\/td>\n<td><a href=\"http:\/\/web.archive.org\/web\/20141215180402\/http:\/\/www.ehrenfelder-veedel.de\/Uberuns.html\">Veedelsmanagement<\/a><\/td>\n<\/tr>\n<tr>\n<td height=\"20\"><\/td>\n<td><\/td>\n<\/tr>\n<tr>\n<td height=\"20\">Leipzig<\/td>\n<td><a href=\"http:\/\/web.archive.org\/web\/20141215180402\/http:\/\/www.boncourage.de\/index.php5\">Bon Courage<\/a><\/td>\n<\/tr>\n<tr>\n<td height=\"20\"><\/td>\n<td><a href=\"http:\/\/web.archive.org\/web\/20141215180402\/http:\/\/www.gfvv-leipzig.de\/\">Gesellschaft f\u00fcr V\u00f6lkerverst\u00e4ndigung<\/a><\/td>\n<\/tr>\n<tr>\n<td height=\"20\"><\/td>\n<td><a href=\"http:\/\/web.archive.org\/web\/20141215180402\/http:\/\/www.internationaler-bund.de\/mainnavigation\/startseite\/\">Internationaler Bund -Jugendmigrationsdienst<\/a><\/td>\n<\/tr>\n<tr>\n<td height=\"20\"><\/td>\n<td><a href=\"http:\/\/web.archive.org\/web\/20141215180402\/https:\/\/de-de.facebook.com\/pages\/Leipziger-Syrienhilfe-eV-%D8%AC%D9%85%D8%B9%D9%8A%D8%A9-%D8%B3%D9%88%D8%B1%D9%8A%D8%A7-%D8%A7%EF%BB%B9%D8%BA%D8%A7%D8%AB%D9%8A%D8%A9-%D9%81%D9%8A-%D9%84%D8%A7%D9%8A%D8%A8%D8%B2%D9%83\/312202832262809\">Leipziger Syrienhilfe e.V.<\/a><\/td>\n<\/tr>\n<tr>\n<td height=\"20\"><\/td>\n<td><a href=\"http:\/\/web.archive.org\/web\/20141215180402\/http:\/\/www.migranten-leipzig.de\/\">Netzwerk Integration\u00a0<\/a><\/td>\n<\/tr>\n<tr>\n<td height=\"20\"><\/td>\n<td><a href=\"http:\/\/web.archive.org\/web\/20141215180402\/http:\/\/www.leipzig.de\/jugend-familie-und-soziales\/auslaender-und-migranten\/migration-und-integration\/\">Referat f\u00fcr Migration und Integration<\/a><\/td>\n<\/tr>\n<tr>\n<td height=\"20\"><\/td>\n<td><\/td>\n<\/tr>\n<tr>\n<td height=\"20\">Mainz<\/td>\n<td><a href=\"http:\/\/web.archive.org\/web\/20141215180402\/http:\/\/www.caritas-mainz.de\/\">Caritasverband Mainz<\/a><\/td>\n<\/tr>\n<tr>\n<td height=\"20\"><\/td>\n<td><a href=\"http:\/\/web.archive.org\/web\/20141215180402\/http:\/\/www.imkerverband-rlp.de\/\">Imkerverband RLP<\/a><\/td>\n<\/tr>\n<tr>\n<td height=\"20\"><\/td>\n<td><a href=\"http:\/\/web.archive.org\/web\/20141215180402\/http:\/\/www.inbi-mainz.de\/\">INBI &#8211; Institut zur F\u00f6rderung von Bildung und Integration<\/a><\/td>\n<\/tr>\n<tr>\n<td height=\"20\"><\/td>\n<td><a href=\"http:\/\/web.archive.org\/web\/20141215180402\/http:\/\/www.ini-migration.de\/www\/homepage\">Initiativausschuss f\u00fcr Migrationspolitik RLP<\/a><\/td>\n<\/tr>\n<tr>\n<td height=\"20\"><\/td>\n<td><a href=\"http:\/\/web.archive.org\/web\/20141215180402\/http:\/\/www.mifkjf.rlp.de\/\">Integrationsbeauftragter Rheinland-Pfalz<\/a><\/td>\n<\/tr>\n<tr>\n<td height=\"20\"><\/td>\n<td><a href=\"http:\/\/web.archive.org\/web\/20141215180402\/http:\/\/www.ism-mainz.de\/\">ISM Mainz<\/a><\/td>\n<\/tr>\n<tr>\n<td height=\"20\"><\/td>\n<td><a href=\"http:\/\/web.archive.org\/web\/20141215180402\/http:\/\/www.malteser-mainz.de\/\">Malteser Mainz<\/a><\/td>\n<\/tr>\n<tr>\n<td height=\"20\"><\/td>\n<td><a href=\"http:\/\/web.archive.org\/web\/20141215180402\/http:\/\/www.medinetzmainz.de\/\">Medinetz Mainz<\/a><\/td>\n<\/tr>\n<tr>\n<td height=\"20\"><\/td>\n<td><a href=\"http:\/\/web.archive.org\/web\/20141215180402\/http:\/\/www.mainz.de\/WGAPublisher\/online\/html\/default\/rathaus\">Rathaus Mainz<\/a><\/td>\n<\/tr>\n<tr>\n<td height=\"20\"><\/td>\n<td><a href=\"http:\/\/web.archive.org\/web\/20141215180402\/http:\/\/www.uni-mainz.de\/\">Johannes Gutenberg-Universit\u00e4t<\/a><\/td>\n<\/tr>\n<tr>\n<td height=\"20\"><\/td>\n<td><\/td>\n<\/tr>\n<tr>\n<td height=\"20\">Mittelherwigsdorf<\/td>\n<td><a href=\"http:\/\/web.archive.org\/web\/20141215180402\/http:\/\/www.zittau.de\/2_rathaus\/stadtrat\/auslaender_sitzungen_12.htm\">Ausl\u00e4nderbeirat Zittau<\/a><\/td>\n<\/tr>\n<tr>\n<td height=\"20\"><\/td>\n<td><\/td>\n<\/tr>\n<tr>\n<td height=\"20\">M\u00fcnchen<\/td>\n<td><a href=\"http:\/\/web.archive.org\/web\/20141215180402\/http:\/\/anstiftung.de\/\">anStiftung &amp; Ertomis<\/a><\/td>\n<\/tr>\n<tr>\n<td height=\"20\"><\/td>\n<td><a href=\"http:\/\/web.archive.org\/web\/20141215180402\/http:\/\/www.bim-institut.org\/\">BIM &#8211; Bayrisches Institut f\u00fcr Migration<\/a><\/td>\n<\/tr>\n<tr>\n<td height=\"20\"><\/td>\n<td><a href=\"http:\/\/web.archive.org\/web\/20141215180402\/http:\/\/imkereipixis.de\/\">Demeter Imkerei Pixis<\/a><\/td>\n<\/tr>\n<tr>\n<td height=\"20\"><\/td>\n<td><a href=\"http:\/\/web.archive.org\/web\/20141215180402\/http:\/\/www.berufsimker.de\/\">Deutscher Berufs- und Erwerbsimkerbund<\/a><\/td>\n<\/tr>\n<tr>\n<td height=\"20\"><\/td>\n<td><a href=\"http:\/\/web.archive.org\/web\/20141215180402\/http:\/\/www.integrationsbeauftragter.bayern.de\/\">Integrationsbeauftragter Bayern<\/a><\/td>\n<\/tr>\n<tr>\n<td height=\"20\"><\/td>\n<td><a href=\"http:\/\/web.archive.org\/web\/20141215180402\/http:\/\/kurdgem-muenchen.blogspot.de\/2014\/01\/kurdische-gemeinde-munchen-kgm.html\">Kurdische Gemeinde M\u00fcnchen<\/a><\/td>\n<\/tr>\n<tr>\n<td height=\"20\"><\/td>\n<td><a href=\"http:\/\/web.archive.org\/web\/20141215180402\/http:\/\/www.save-me-muenchen.de\/\">Save Me M\u00fcnchen<\/a><\/td>\n<\/tr>\n<tr>\n<td height=\"20\"><\/td>\n<td><a href=\"http:\/\/web.archive.org\/web\/20141215180402\/http:\/\/stadtimker.de\/\">Stadtimker\u00a0<\/a><\/td>\n<\/tr>\n<tr>\n<td height=\"20\"><\/td>\n<td><a href=\"http:\/\/web.archive.org\/web\/20141215180402\/http:\/\/www.transition-initiativen.de\/group\/ttmuenchenstadt\">Transition Town M\u00fcnchen<\/a><\/td>\n<\/tr>\n<tr>\n<td height=\"20\"><\/td>\n<td><\/td>\n<\/tr>\n<tr>\n<td height=\"20\">M\u00fcnster<\/td>\n<td><a href=\"http:\/\/web.archive.org\/web\/20141215180402\/http:\/\/www.aki-muenster.de\/\">Aki M\u00fcnster<\/a><\/td>\n<\/tr>\n<tr>\n<td height=\"20\"><\/td>\n<td><a href=\"http:\/\/web.archive.org\/web\/20141215180402\/http:\/\/www.ggua.de\/\">GGUA Fl\u00fcchtlingshilfe<\/a><\/td>\n<\/tr>\n<tr>\n<td height=\"20\"><\/td>\n<td><a href=\"http:\/\/web.archive.org\/web\/20141215180402\/http:\/\/www.muenster.de\/stadt\/zuwanderung\/integrationsrat.html\">Integrationsrat<\/a><\/td>\n<\/tr>\n<tr>\n<td height=\"20\"><\/td>\n<td><\/td>\n<\/tr>\n<tr>\n<td height=\"20\">N\u00fcrnberg<\/td>\n<td><a href=\"http:\/\/web.archive.org\/web\/20141215180402\/http:\/\/www.ai-nuernberg.de\/\">Amnesty International N\u00fcrnberg<\/a><\/td>\n<\/tr>\n<tr>\n<td height=\"20\"><\/td>\n<td><a href=\"http:\/\/web.archive.org\/web\/20141215180402\/http:\/\/uni.amnesty-erlangen.de\/category\/semester\/page\/7\/\">Evangelische Studierendengemeinde\/Amnesty Erlangen<\/a><\/td>\n<\/tr>\n<tr>\n<td height=\"20\"><\/td>\n<td><a href=\"http:\/\/web.archive.org\/web\/20141215180402\/http:\/\/www.humanrights-nbg.de\/termine.htm\">Initiative Humanrights<\/a><\/td>\n<\/tr>\n<tr>\n<td height=\"20\"><\/td>\n<td><a href=\"http:\/\/web.archive.org\/web\/20141215180402\/http:\/\/www.nuernberg.de\/internet\/integrationsrat\/\">Integrationsrat N\u00fcrnberg<\/a><\/td>\n<\/tr>\n<tr>\n<td height=\"20\"><\/td>\n<td><a href=\"http:\/\/web.archive.org\/web\/20141215180402\/http:\/\/www.internationales-frauencafe.de\/\">Internationales Frauencafe N\u00fcrnberg<\/a><\/td>\n<\/tr>\n<tr>\n<td height=\"20\"><\/td>\n<td><a href=\"http:\/\/web.archive.org\/web\/20141215180402\/http:\/\/www.kurdische-kulturtage.eu\/\">Medya Volks Haus e.V.<\/a><\/td>\n<\/tr>\n<tr>\n<td height=\"20\"><\/td>\n<td><a href=\"http:\/\/web.archive.org\/web\/20141215180402\/http:\/\/www.mellifera.de\/\">Mellifera e.V.<\/a><\/td>\n<\/tr>\n<tr>\n<td height=\"20\"><\/td>\n<td><a href=\"http:\/\/web.archive.org\/web\/20141215180402\/http:\/\/www.nuernberg.de\/internet\/nh_gostenhof\/\">Nachbarschaftshaus Gostenhof<\/a><\/td>\n<\/tr>\n<tr>\n<td height=\"20\"><\/td>\n<td><a href=\"http:\/\/web.archive.org\/web\/20141215180402\/http:\/\/www.nuernberg.de\/internet\/integrationsrat\/\">N\u00fcrnberger Rat f\u00fcr Integration und Migration<\/a><\/td>\n<\/tr>\n<tr>\n<td height=\"20\"><\/td>\n<td><\/td>\n<\/tr>\n<tr>\n<td height=\"20\">Passau<\/td>\n<td><a href=\"http:\/\/web.archive.org\/web\/20141215180402\/http:\/\/passauerbuendnis.de\/\">No Border Passau<\/a><\/td>\n<\/tr>\n<tr>\n<td height=\"20\"><\/td>\n<td><\/td>\n<\/tr>\n<tr>\n<td height=\"20\">Pforzheim<\/td>\n<td><a href=\"http:\/\/web.archive.org\/web\/20141215180402\/http:\/\/www.miteinanderleben.com\/de\/inhalt\/start.html\">miteinander leben e.V.<\/a><\/td>\n<\/tr>\n<tr>\n<td height=\"20\"><\/td>\n<td><\/td>\n<\/tr>\n<tr>\n<td height=\"20\">Regensburg<\/td>\n<td><a href=\"http:\/\/web.archive.org\/web\/20141215180402\/http:\/\/www.amnesty-regensburg.de\/\">Amnesty International Regensburg<\/a><\/td>\n<\/tr>\n<tr>\n<td height=\"20\"><\/td>\n<td><a href=\"http:\/\/web.archive.org\/web\/20141215180402\/http:\/\/www.aaa-regensburg.de\/\">Arbeitskreis f\u00fcr Ausl\u00e4ndische Arbeitnehmer e.V.<\/a><\/td>\n<\/tr>\n<tr>\n<td height=\"20\"><\/td>\n<td><a href=\"http:\/\/web.archive.org\/web\/20141215180402\/http:\/\/www.auslaenderbeirat-regensburg.de\/\">Ausl\u00e4nderbeirat Regensburg<\/a><\/td>\n<\/tr>\n<tr>\n<td height=\"20\"><\/td>\n<td><a href=\"http:\/\/web.archive.org\/web\/20141215180402\/https:\/\/biasyl.wordpress.com\/\">B\u00fcrgerinitiative Asyl Regensburg<\/a><\/td>\n<\/tr>\n<tr>\n<td height=\"20\"><\/td>\n<td><a href=\"http:\/\/web.archive.org\/web\/20141215180402\/http:\/\/www.freiwilligenagentur-regensburg.de\/\">Freiwilligenagentur Regensburg<\/a><\/td>\n<\/tr>\n<tr>\n<td height=\"20\"><\/td>\n<td><a href=\"http:\/\/web.archive.org\/web\/20141215180402\/https:\/\/www.facebook.com\/people\/Internationaler-Kultur-und-Solidarit%C3%A4tsverein-Iks-Regensburg\/100003483252666\">IKS &#8211; Internationaler Kultur- und Solidarit\u00e4tsverein e.V.<\/a><\/td>\n<\/tr>\n<tr>\n<td height=\"20\"><\/td>\n<td><\/td>\n<\/tr>\n<tr>\n<td height=\"20\">Saarbr\u00fccken<\/td>\n<td><a href=\"http:\/\/web.archive.org\/web\/20141215180402\/http:\/\/www.rps.paritaet.org\/\">Der Parit\u00e4tische Landesverband Rheinland-Pfalz\/Saarland e.V.<\/a><\/td>\n<\/tr>\n<tr>\n<td height=\"20\"><\/td>\n<td><a href=\"http:\/\/web.archive.org\/web\/20141215180402\/http:\/\/www.diakonisches-werk-saar.de\/php\/themen3_detail.php?themen3_id=269&amp;niederlassungen_id=10&amp;language_id=1&amp;PHPSESSID=se1adpcj9j3phppsdtkpdecap2\">Diakonie Fl\u00fcchtlingsarbeit Landesaufnahmestelle Lebach<\/a><\/td>\n<\/tr>\n<tr>\n<td height=\"20\"><\/td>\n<td><a href=\"http:\/\/web.archive.org\/web\/20141215180402\/http:\/\/www.lv-saarland.drk.de\/\">DRK Landesverband Saarland<\/a><\/td>\n<\/tr>\n<tr>\n<td height=\"20\"><\/td>\n<td><a href=\"http:\/\/web.archive.org\/web\/20141215180402\/http:\/\/www.pro-ehrenamt.de\/pro-ehrenamt\/ehrenamtboersen\/ehrenamtboerse-saarbruecken.html\">Ehrenamtsb\u00f6rse Saarbr\u00fccken<\/a><\/td>\n<\/tr>\n<tr>\n<td height=\"20\"><\/td>\n<td><a href=\"http:\/\/web.archive.org\/web\/20141215180402\/http:\/\/www.saarbruecken.de\/rathaus\/stadtpolitik\/integrationsbeirat\">Integrationsbeirat Saarbr\u00fccken<\/a><\/td>\n<\/tr>\n<tr>\n<td height=\"20\"><\/td>\n<td>Sankt Nikolaus Hospital<\/td>\n<\/tr>\n<tr>\n<td height=\"20\"><\/td>\n<td><a href=\"http:\/\/web.archive.org\/web\/20141215180402\/http:\/\/www.saarbruecken.de\/leben_in_saarbruecken\/familie_und_soziales\/zuwanderung_und_integration\">ZIB Saarbr\u00fccken<\/a><\/td>\n<\/tr>\n<tr>\n<td height=\"20\"><\/td>\n<td><\/td>\n<\/tr>\n<tr>\n<td height=\"20\">Seefeld<\/td>\n<td><a href=\"http:\/\/web.archive.org\/web\/20141215180402\/http:\/\/www.bund-naturschutz.de\/\">BUND Naturschutz in Bayern e.V.<\/a><\/td>\n<\/tr>\n<tr>\n<td height=\"20\"><\/td>\n<td><a href=\"http:\/\/web.archive.org\/web\/20141215180402\/http:\/\/www.herrsching.de\/LebeninHerrsching\/Integration\">Integrationsteam Herrsching<\/a><\/td>\n<\/tr>\n<tr>\n<td height=\"20\"><\/td>\n<td><\/td>\n<\/tr>\n<tr>\n<td height=\"20\">Solingen<\/td>\n<td><a href=\"http:\/\/web.archive.org\/web\/20141215180402\/http:\/\/www.amnesty-solingen.de\/\">Amnesty International Gruppe Solingen<\/a><\/td>\n<\/tr>\n<tr>\n<td height=\"20\"><\/td>\n<td><\/td>\n<\/tr>\n<tr>\n<td height=\"20\">Stuttgart<\/td>\n<td><a href=\"http:\/\/web.archive.org\/web\/20141215180402\/http:\/\/www.ak-asyl-stuttgart.de\/\">Arbeitskreis Asyl<\/a><\/td>\n<\/tr>\n<tr>\n<td height=\"20\"><\/td>\n<td><a href=\"http:\/\/web.archive.org\/web\/20141215180402\/http:\/\/www.awo-stuttgart.de\/\">AWO Stuttgart<\/a><\/td>\n<\/tr>\n<tr>\n<td height=\"20\"><\/td>\n<td><a href=\"http:\/\/web.archive.org\/web\/20141215180402\/http:\/\/fluechtlingsrat-bw.de\/\">Fl\u00fcchtlingsrat Baden-W\u00fcrttemberg\u00a0<\/a><\/td>\n<\/tr>\n<tr>\n<td height=\"20\"><\/td>\n<td><a href=\"http:\/\/web.archive.org\/web\/20141215180402\/http:\/\/www.forum-der-kulturen.de\/\">Forum der Kulturen Stuttgart e.V.<\/a><\/td>\n<\/tr>\n<tr>\n<td height=\"20\"><\/td>\n<td><a href=\"http:\/\/web.archive.org\/web\/20141215180402\/http:\/\/kurdische-gemeinde.de\/\">Kurdische Gemeinde Deutschland \/ \u00a0a-gentur \/ \u00d6zg\u00fcr Kara<\/a><\/td>\n<\/tr>\n<tr>\n<td height=\"20\"><\/td>\n<td><a href=\"http:\/\/web.archive.org\/web\/20141215180402\/http:\/\/www.stuttgart.de\/\">Stadt Stuttgart<\/a><\/td>\n<\/tr>\n<tr>\n<td height=\"20\"><\/td>\n<td><a href=\"http:\/\/web.archive.org\/web\/20141215180402\/http:\/\/www.swr.de\/unternehmen\/unternehmen\/standorte-funkhaus-stuttgart\/-\/id=7687068\/nid=7687068\/did=7573746\/isr8wf\/index.html\">SWR<\/a><\/td>\n<\/tr>\n<tr>\n<td height=\"20\"><\/td>\n<td><\/td>\n<\/tr>\n<tr>\n<td height=\"20\">Warburg<\/td>\n<td><a href=\"http:\/\/web.archive.org\/web\/20141215180402\/http:\/\/www.transition-warburg.de\/die-idee-transition-town\/\">Transition Town Warburg<\/a><\/td>\n<\/tr>\n<tr>\n<td height=\"20\"><\/td>\n<td><\/td>\n<\/tr>\n<tr>\n<td height=\"20\">Wiesbaden<\/td>\n<td>Amnesty International Idstein<\/td>\n<\/tr>\n<\/tbody>\n<\/table>\n<p>&nbsp;<\/p>\n<\/div>\n","protected":false},"excerpt":{"rendered":"<p>Im Rahmen des Kinostarts von &#8220;Der Imker&#8221; haben wir die UNO-Fl\u00fcchtlingshilfe und die GLS Bank als Partner f\u00fcr unsere Kampagne \u201eVon Fremden zu Freunden\u201c gewinnen k\u00f6nnen. Der bekannte TV-Journalist Jean P\u00fctz hat die Patenschaft f\u00fcr unsere Kampagne \u00fcbernommen! Zielsetzung der Kampagne: Menschen dazu bewegen, Fl\u00fcchtlinge nicht als Fremde zu betrachten sondern als Mitmenschen: Mitgef\u00fchl zu [&hellip;]<\/p>\n","protected":false},"author":5,"featured_media":3914,"parent":3332,"menu_order":0,"comment_status":"closed","ping_status":"closed","template":"","meta":{"footnotes":""},"class_list":["post-3908","page","type-page","status-publish","has-post-thumbnail","hentry"],"translation":{"provider":"WPGlobus","version":"3.0.0","language":"en","enabled_languages":["de","en"],"languages":{"de":{"title":true,"content":true,"excerpt":false},"en":{"title":false,"content":false,"excerpt":false}}},"_links":{"self":[{"href":"https:\/\/bravehearts-institute.org\/en\/wp-json\/wp\/v2\/pages\/3908","targetHints":{"allow":["GET"]}}],"collection":[{"href":"https:\/\/bravehearts-institute.org\/en\/wp-json\/wp\/v2\/pages"}],"about":[{"href":"https:\/\/bravehearts-institute.org\/en\/wp-json\/wp\/v2\/types\/page"}],"author":[{"embeddable":true,"href":"https:\/\/bravehearts-institute.org\/en\/wp-json\/wp\/v2\/users\/5"}],"replies":[{"embeddable":true,"href":"https:\/\/bravehearts-institute.org\/en\/wp-json\/wp\/v2\/comments?post=3908"}],"version-history":[{"count":0,"href":"https:\/\/bravehearts-institute.org\/en\/wp-json\/wp\/v2\/pages\/3908\/revisions"}],"up":[{"embeddable":true,"href":"https:\/\/bravehearts-institute.org\/en\/wp-json\/wp\/v2\/pages\/3332"}],"wp:featuredmedia":[{"embeddable":true,"href":"https:\/\/bravehearts-institute.org\/en\/wp-json\/wp\/v2\/media\/3914"}],"wp:attachment":[{"href":"https:\/\/bravehearts-institute.org\/en\/wp-json\/wp\/v2\/media?parent=3908"}],"curies":[{"name":"wp","href":"https:\/\/api.w.org\/{rel}","templated":true}]}}